{"id":257,"date":"2016-07-29T15:16:31","date_gmt":"2016-07-29T15:16:31","guid":{"rendered":"http:\/\/wp12659831.server-he.de\/cmsstvol\/impressum\/?lang=ru"},"modified":"2024-07-11T15:32:46","modified_gmt":"2024-07-11T13:32:46","slug":"impressum","status":"publish","type":"page","link":"https:\/\/www.strafverteidiger-oldenburg.de\/ru\/impressum\/","title":{"rendered":"\u043e\u0442\u043f\u0435\u0447\u0430\u0442\u043e\u043a"},"content":{"rendered":"<h1>\u041a\u043e\u043d\u0442\u0430\u043a\u0442\u043d\u044b\u0435 \u0438 \u0440\u0435\u0433\u0438\u0441\u0442\u0440\u0430\u0446\u0438\u043e\u043d\u043d\u044b\u0435 \u0434\u0430\u043d\u043d\u044b\u0435 \u043a\u043e\u043c\u043f\u0430\u043d\u0438\u0438<\/p>\n<p>\u043e\u0431\u044f\u0437\u0430\u0442\u0435\u043b\u044c\u043d\u0430\u044f \u0438\u043d\u0444\u043e\u0440\u043c\u0430\u0446\u0438\u044f \u0432 \u0441\u043e\u043e\u0442\u0432\u0435\u0442\u0441\u0442\u0432\u0438\u0438 \u0441 \u00a7 5 \u0437\u0430\u043a\u043e\u043d\u0430 \u043e \u0441\u0440\u0435\u0434\u0441\u0442\u0432\u0430\u0445 \u0430\u0443\u0434\u0438\u043e-\u0432\u0438\u0437\u0443\u0430\u043b\u044c\u043d\u043e\u0439 \u0438\u043d\u0444\u043e\u0440\u043c\u0430\u0446\u0438\u0438 \u0438 \u00a7 2 DL-InfoV<\/h1>\n<div class=\"su-row\">\n  <div class=\"su-column su-column-size-1-2\"><div class=\"su-column-inner su-u-clearfix su-u-trim\"> <\/p>\n<h2>\u041a\u043e\u043d\u0442\u0430\u043a\u0442<\/h2>\n<p style=\"text-align: justify;\">\u041c\u0401\u041a\u0415\u041b\u042c \u0438 \u0414\u0420. \u041d\u0410\u0423\u041a \u0428\u0422\u041e\u0424\u0424\u0415\u0420\u0421  \u2013 \u0410\u0414\u0412\u041e\u041a\u0410\u0422\u042b<br \/>\nHaareneschstra\u00dfe 58A<br \/>\nD-26121 Oldenburg<br \/>\n\u0422\u0435\u043b\u0435\u0444\u043e\u043d:  \t+49 (0) 441 \/ 390 190 \u2013 0<br \/>\n\u0422\u0435\u043b\u0435\u0444\u0430\u043a\u0441:  \t+49 (0) 441 \/ 390 190 \u2013 10<br \/>\nE-Mail:  \t <a href=\"mailto:mail@stv-ol.de\">mail@stv-ol.de<\/a><br \/>\n\u0418\u043d\u0442\u0435\u0440\u043d\u0435\u0442:  \t <a href=\"https:\/\/strafverteidiger-oldenburg.de\/\">www.strafverteidiger-oldenburg.de<\/a><\/p>\n<h2>\u041f\u043e\u0434\u0432\u0435\u0434\u043e\u043c\u0441\u0442\u0432\u0435\u043d\u043d\u0430\u044f \u043d\u0430\u0434\u0437\u043e\u0440\u043d\u0430\u044f \u0438\u043d\u0441\u0442\u0430\u043d\u0446\u0438\u044f<\/h2>\n<p style=\"text-align: justify;\">\u041f\u0430\u043b\u0430\u0442\u0430 \u0430\u0434\u0432\u043e\u043a\u0430\u0442\u043e\u0432  \u0432\u0435\u0440\u0445\u043e\u0432\u043d\u043e\u0433\u043e \u0441\u0443\u0434\u0435\u0431\u043d\u043e\u0433\u043e \u043e\u043a\u0440\u0443\u0433\u0430 \u0437\u0435\u043c\u043b\u0438 \u041e\u043b\u044c\u0434\u0435\u043d\u0431\u0443\u0440\u0433<br \/>\nStaugraben 5<br \/>\n26122 Oldenburg<\/p>\n<h2>\u0423\u043f\u043e\u043b\u043d\u043e\u043c\u043e\u0447\u0435\u043d\u043d\u044b\u0435 \u043f\u0440\u0435\u0434\u0441\u0442\u0430\u0432\u0438\u0442\u0435\u043b\u0438 \u0442\u043e\u0432\u0430\u0440\u0438\u0449\u0435\u0441\u0442\u0432\u0430<\/h2>\n<p style=\"text-align: justify;\">\u0410\u0434\u0432\u043e\u043a\u0430\u0442 \u0419\u0435\u043d\u0446 \u041c\u0451\u043a\u0435\u043b\u044c \u0438 \u0414\u0440. \u041d\u0430\u0443\u043a \u041a\u0440\u0438\u0441\u0442\u0438\u0430\u043d \u0424. \u0428\u0442\u043e\u0444\u0444\u0435\u0440\u0441<br \/>\n\u041f\u0440\u0438\u0441\u0432\u043e\u0435\u043d\u0438\u0435 \u0437\u0432\u0430\u043d\u0438\u044f \u201e\u0410\u0434\u0432\u043e\u043a\u0430\u0442\u201c \u0431\u044b\u043b\u043e \u043f\u0440\u0438\u0441\u0432\u043e\u0435\u043d\u043e \u0410\u0434\u0432\u043e\u043a\u0430\u0442\u0430\u043c \u0432 \u0424\u0435\u0434\u0435\u0440\u0430\u0442\u0438\u0432\u043d\u043e\u0439 \u0420\u0435\u0441\u043f\u0443\u0431\u043b\u0438\u043a\u0435 \u0413\u0435\u0440\u043c\u0430\u043d\u0438\u0438.<\/p>\n<h2>\u041f\u0440\u043e\u0444\u0435\u0441\u0441\u0438\u043e\u043d\u0430\u043b\u044c\u043d\u043e-\u043f\u0440\u0430\u0432\u043e\u0432\u0430\u044f \u0440\u0435\u0433\u043b\u0430\u043c\u0435\u043d\u0442\u0430\u0446\u0438\u044f<\/h2>\n<p style=\"text-align: justify;\">\n<ul style=\"padding-left: 0; margin-left: 1.2em; list-style-image:url(http:\/\/strafverteidiger-oldenburg.de\/wp-content\/uploads\/2016\/08\/square-1.png)\";>\n<li>\u0424\u0435\u0434\u0435\u0440\u0430\u043b\u044c\u043d\u043e\u0435 \u043f\u043e\u043b\u043e\u0436\u0435\u043d\u0438\u0435 \u043e\u0431 \u0430\u0434\u0432\u043e\u043a\u0430\u0442\u0443\u0440\u0435 (BRAO)<\/li>\n<li>\u041f\u0440\u043e\u0444\u0435\u0441\u0441\u0438\u043e\u043d\u0430\u043b\u044c\u043d\u044b\u0439 \u043a\u043e\u0434\u0435\u043a\u0441 \u0430\u0434\u0432\u043e\u043a\u0430\u0442\u043e\u0432 (BORA)<\/li>\n<li>\u041f\u0440\u043e\u0444\u0435\u0441\u0441\u0438\u043e\u043d\u0430\u043b\u044c\u043d\u044b\u0439 \u0440\u0435\u0433\u043b\u0430\u043c\u0435\u043d\u0442\u0430\u0446\u0438\u044f \u0434\u043b\u044f \u0430\u0434\u0432\u043e\u043a\u0430\u0442\u043e\u0432 \u0432 \u0415\u0421 (CCBE)<\/li>\n<li>\u0423\u0440\u0435\u0433\u0443\u043b\u0438\u0440\u043e\u0432\u0430\u043d\u0438\u044f \u0434\u043b\u044f \u0430\u0434\u0432\u043e\u043a\u0430\u0442\u043e\u0432-\u0441\u043f\u0435\u0446\u0438\u0430\u043b\u0438\u0441\u0442\u043e\u0432 (FAO)<\/li>\n<li>\u0417\u0430\u043a\u043e\u043d \u043e \u0433\u043e\u043d\u043e\u0440\u0430\u0440\u0430\u0445 \u0430\u0434\u0432\u043e\u043a\u0430\u0442\u043e\u0432 (RVG)<\/li>\n<\/ul>\n<p style=\"text-align: justify;\">\u0420\u0435\u0433\u043b\u0430\u043c\u0435\u043d\u0442\u0430\u0446\u0438\u044f \u0432 \u0434\u0435\u0439\u0441\u0442\u0432\u0443\u044e\u0449\u0435\u0439 \u0440\u0435\u0434\u0430\u043a\u0446\u0438\u0438 \u043f\u0440\u0435\u0434\u043e\u0441\u0442\u0430\u0432\u043b\u0435\u043d\u0430 \u0434\u043b\u044f \u043e\u0437\u043d\u0430\u043a\u043e\u043c\u043b\u0435\u043d\u0438\u044f \u043d\u0430 \u0438\u043d\u0442\u0435\u0440\u043d\u0435\u0442-\u0441\u0442\u0440\u0430\u043d\u0438\u0446\u0435 \u0424\u0435\u0434\u0435\u0440\u0430\u043b\u044c\u043d\u043e\u0439 \u043f\u0430\u043b\u0430\u0442\u044b \u0430\u0434\u0432\u043e\u043a\u0430\u0442\u043e\u0432 <a href=\"http:\/\/www.brak.de\/\" target=\"_blank\" rel=\"noopener\">www.brak.de<\/a>.<\/p>\n<h2>\u0421\u043e\u043e\u0442\u0432\u0435\u0442\u0441\u0442\u0432\u0443\u044e\u0449\u0435\u0435 \u0441\u0442\u0440\u0430\u0445\u043e\u0432\u0430\u043d\u0438\u0435 \u043f\u0440\u043e\u0444\u0435\u0441\u0441\u0438\u043e\u043d\u0430\u043b\u044c\u043d\u043e\u0439 \u043e\u0442\u0432\u0435\u0442\u0441\u0442\u0432\u0435\u043d\u043d\u043e\u0441\u0442\u0438 \u0434\u043b\u044f \u0430\u0434\u0432\u043e\u043a\u0430\u0442\u043e\u0432<\/h2>\n<p style=\"text-align: justify;\">R + V Allgemeine Versicherung AG<br \/>\nRaiffeisenplatz 1<br \/>\n65189 Wiesbaden<\/p>\n<p style=\"text-align: justify;\">\u0422\u0435\u0440\u0440\u0438\u0442\u043e\u0440\u0438\u0430\u043b\u044c\u043d\u0430\u044f \u0441\u0444\u0435\u0440\u0430 \u0434\u0435\u0439\u0441\u0442\u0432\u0438\u044f \u0441\u0442\u0440\u0430\u0445\u043e\u0432\u0430\u043d\u0438\u044f \u2014 \u0415\u0432\u0440\u043e\u043f\u0430. \u0420\u0430\u0437\u043c\u0435\u0440 \u0441\u0442\u0440\u0430\u0445\u043e\u0432\u043e\u0439 \u0441\u0443\u043c\u043c\u044b \u043d\u0430 \u0441\u043b\u0443\u0447\u0430\u0439 \u043d\u0430\u043d\u0435\u0441\u0435\u043d\u0438\u044f \u0438\u043c\u0443\u0449\u0435\u0441\u0442\u0432\u0435\u043d\u043d\u043e\u0433\u043e \u0432\u0440\u0435\u0434\u0430 \u0432 \u043a\u0430\u0436\u0434\u043e\u043c \u0441\u0442\u0440\u0430\u0445\u043e\u0432\u043e\u043c \u0441\u043b\u0443\u0447\u0430\u0435 1.000.000,00 \u0415\u0412\u0420\u041e \u0434\u043b\u044f \u043a\u0430\u0436\u0434\u043e\u0433\u043e \u0430\u0434\u0432\u043e\u043a\u0430\u0442\u0430.<\/p>\n<p> <\/div><\/div>\n  <div class=\"su-column su-column-size-1-2\"><div class=\"su-column-inner su-u-clearfix su-u-trim\"> <\/p>\n<h2>Datenschutzerkl\u00e4rung<\/h2>\n<p style=\"text-align: justify;\">Die Nutzung der Webseite erfolgt ohne Angabe oder Speicherung personenbezogener Daten.<\/p>\n<p style=\"text-align: justify;\">Der Provider der Seiten erhebt und speichert automatisch Informationen in so genannten Server-Log Files, die der Browser automatisch an den Server \u00fcbermittelt. Diese sind:<\/p>\n<ul style=\"padding-left: 0; margin-left: 1.2em; list-style-image:url(http:\/\/strafverteidiger-oldenburg.de\/wp-content\/uploads\/2016\/08\/square-1.png)\";>\n<li>Browsertyp \/ Browserversion<\/li>\n<li>verwendetes Betriebssystem<\/li>\n<li>Referrer URL<\/li>\n<li>Hostname des zugreifenden Rechners<\/li>\n<li>Uhrzeit der Serveranfrage<\/li>\n<\/ul>\n<p style=\"text-align: justify;\">Diese Daten sind nicht bestimmten Personen zuordenbar. Eine Zusammenf\u00fchrung dieser Daten mit anderen Datenquellen wird nicht vorgenommen. Wir behalten uns vor, diese Daten nachtr\u00e4glich zu pr\u00fcfen, wenn konkrete Anhaltspunkte f\u00fcr eine rechtswidrige Nutzung bekannt werden.<\/p>\n<p style=\"text-align: justify;\">Gem\u00e4\u00df \u00a7 28 des BDSG machen wir darauf aufmerksam, dass die im Rahmen eines eventuellen Kontaktes anfallenden Daten (z.B. Name, Telefonnummer, E-Mail-Adresse) auf freiwilliger Basis angegeben und mittels einer EDV-Anlage gem\u00e4\u00df \u00a7 33 BDSG verarbeitet sowie gespeichert werden. Postanschriften und E-Mail-Adressen, die im Rahmen von Anfragen angegeben werden, werden ausschlie\u00dflich f\u00fcr die Korrespondenz verwendet. Diese Daten werden nicht an Dritte weitergegeben oder f\u00fcr andere Zwecke verwendet.<\/p>\n<h2>\u0421\u0441\u044b\u043b\u043a\u0430 \u043e\u0431 \u043e\u0442\u0432\u0435\u0442\u0441\u0442\u0432\u0435\u043d\u043d\u043e\u0441\u0442\u0438<\/h2>\n<p style=\"text-align: justify;\">\u041d\u0435\u0441\u043c\u043e\u0442\u0440\u044f \u043d\u0430 \u0442\u0449\u0430\u0442\u0435\u043b\u044c\u043d\u0443\u044e \u043f\u0440\u043e\u0432\u0435\u0440\u043a\u0443 \u0441\u043e\u0434\u0435\u0440\u0436\u0430\u043d\u0438\u044f, \u043c\u044b \u043d\u0435 \u043d\u0435\u0441\u0435\u043c \u043e\u0442\u0432\u0435\u0442\u0441\u0442\u0432\u0435\u043d\u043d\u043e\u0441\u0442\u044c \u0437\u0430 \u0441\u043e\u0434\u0435\u0440\u0436\u0430\u043d\u0438\u0435 \u044d\u043a\u0441\u0442\u0435\u0440\u043d\u044b\u0445 \u0441\u0441\u044b\u043b\u043e\u043a.<\/p>\n<h2>Webdesign<\/h2>\n<p style=\"text-align: justify;\">Wilfried W\u00f6rdemann M.A.<br \/>\nDie HTML-Manufaktur<br \/>\nTel.: 0441 \/ 76513<br \/>\nE-Mail: <a href=\"mailto:info@html-manufaktur.de\">info@html-manufaktur.de<\/a><br \/>\nInternet: <a href=\"http:\/\/www.html-manufaktur.de\/\" target=\"_blank\" rel=\"noopener\">www.html-manufaktur.de<\/a><\/p>\n<p> <\/div><\/div>\n<\/div>\n","protected":false},"excerpt":{"rendered":"<p>\u041a\u043e\u043d\u0442\u0430\u043a\u0442\u043d\u044b\u0435 \u0438 \u0440\u0435\u0433\u0438\u0441\u0442\u0440\u0430\u0446\u0438\u043e\u043d\u043d\u044b\u0435 \u0434\u0430\u043d\u043d\u044b\u0435 \u043a\u043e\u043c\u043f\u0430\u043d\u0438\u0438 \u043e\u0431\u044f\u0437\u0430\u0442\u0435\u043b\u044c\u043d\u0430\u044f \u0438\u043d\u0444\u043e\u0440\u043c\u0430\u0446\u0438\u044f \u0432 \u0441\u043e\u043e\u0442\u0432\u0435\u0442\u0441\u0442\u0432\u0438\u0438 \u0441 \u00a7 5 \u0437\u0430\u043a\u043e\u043d\u0430 \u043e \u0441\u0440\u0435\u0434\u0441\u0442\u0432\u0430\u0445 \u0430\u0443\u0434\u0438\u043e-\u0432\u0438\u0437\u0443\u0430\u043b\u044c\u043d\u043e\u0439 \u0438\u043d\u0444\u043e\u0440\u043c\u0430\u0446\u0438\u0438 \u0438 \u00a7 2 DL-InfoV<\/p>\n","protected":false},"author":3,"featured_media":0,"parent":0,"menu_order":9,"comment_status":"closed","ping_status":"closed","template":"","meta":{"generate_page_header":"","footnotes":""},"class_list":["post-257","page","type-page","status-publish"],"_links":{"self":[{"href":"https:\/\/www.strafverteidiger-oldenburg.de\/ru\/wp-json\/wp\/v2\/pages\/257","targetHints":{"allow":["GET"]}}],"collection":[{"href":"https:\/\/www.strafverteidiger-oldenburg.de\/ru\/wp-json\/wp\/v2\/pages"}],"about":[{"href":"https:\/\/www.strafverteidiger-oldenburg.de\/ru\/wp-json\/wp\/v2\/types\/page"}],"author":[{"embeddable":true,"href":"https:\/\/www.strafverteidiger-oldenburg.de\/ru\/wp-json\/wp\/v2\/users\/3"}],"replies":[{"embeddable":true,"href":"https:\/\/www.strafverteidiger-oldenburg.de\/ru\/wp-json\/wp\/v2\/comments?post=257"}],"version-history":[{"count":0,"href":"https:\/\/www.strafverteidiger-oldenburg.de\/ru\/wp-json\/wp\/v2\/pages\/257\/revisions"}],"wp:attachment":[{"href":"https:\/\/www.strafverteidiger-oldenburg.de\/ru\/wp-json\/wp\/v2\/media?parent=257"}],"curies":[{"name":"wp","href":"https:\/\/api.w.org\/{rel}","templated":true}]}}